{"id":663,"date":"2022-10-24T12:35:44","date_gmt":"2022-10-24T10:35:44","guid":{"rendered":"http:\/\/2022.heidelberg-arbeitsrecht.com\/?page_id=663"},"modified":"2026-02-03T17:01:02","modified_gmt":"2026-02-03T16:01:02","slug":"contact","status":"publish","type":"page","link":"https:\/\/www.heidelberg-arbeitsrecht.com\/en\/contact\/","title":{"rendered":"Contact"},"content":{"rendered":"<div>\n<p>49.4032,8.6902<\/p>\n<h3>Tobias Thei\u00df <\/h3>\n<\/div>\n<h1>FAST &amp; CONVENIENT<\/h1>\n<div>\n<p>You can reach me directly via the contact form. If you value the security and discretion of your request, you can call me or send me an e-mail. We work with the latest encryption and are up to date on the subject of data protection.<\/p>\n<\/div>\n<h1>personal &amp; secure<\/h1>\n<ul>\n<li>\n<div>\n<p><span>Tobias Thei\u00df<\/span><\/p>\n<\/div>\n<\/li>\n<li>\n<div>\n<p><a href=\"tel:06221 67 33 614\" title=\"Call Tobias Thei\u00df\">+496221 67 33 614<\/a><\/p>\n<\/div>\n<\/li>\n<li>\n<div>\n<p><a href=\"tel:06221 67 33 752\" title=\"Fax Tobias Thei\u00df\">+496221 67 33 752<\/a><\/p>\n<\/div>\n<\/li>\n<li>\n<div>\n<p><a href=\"mailto:info@heidelberg-arbeitsrecht.com\">info@heidelberg-arbeitsrecht.com<\/a><\/p>\n<\/div>\n<\/li>\n<li>\n<div>\n<p><span>Kaiserstra\u00dfe 11a, 69115 Heidelberg<\/span><\/p>\n<\/div>\n<\/li>\n<\/ul>\n<p><!--more--><br \/>\n<!-- {\"type\":\"layout\",\"children\":[{\"type\":\"section\",\"props\":{\"height\":\"page\",\"image_position\":\"center-center\",\"overlap\":false,\"padding_bottom\":\"none\",\"padding_remove_horizontal\":true,\"padding_top\":\"none\",\"style\":\"muted\",\"title_breakpoint\":\"xl\",\"title_position\":\"top-left\",\"title_rotation\":\"left\",\"vertical_align\":\"\",\"width\":\"xlarge\"},\"children\":[{\"type\":\"row\",\"props\":{\"column_gap\":\"collapse\",\"margin_bottom\":\"remove\",\"margin_top\":\"remove\",\"row_gap\":\"collapse\",\"width\":\"expand\"},\"children\":[{\"type\":\"column\",\"props\":{\"image_position\":\"center-center\",\"position_sticky_breakpoint\":\"m\"},\"children\":[{\"type\":\"map\",\"props\":{\"controls\":true,\"dragging\":true,\"height\":480,\"image_svg_color\":\"emphasis\",\"link_style\":\"default\",\"link_text\":\"Read more\",\"margin_bottom\":\"medium\",\"margin_top\":\"medium\",\"max_zoom\":18,\"meta_align\":\"below-title\",\"meta_element\":\"div\",\"meta_style\":\"text-meta\",\"min_zoom\":0,\"poi\":false,\"show_content\":false,\"show_image\":false,\"show_link\":false,\"show_meta\":false,\"show_title\":false,\"title_element\":\"h3\",\"title_hover_style\":\"reset\",\"type\":\"roadmap\",\"zoom\":\"14\",\"zooming\":false},\"children\":[{\"type\":\"map_item\",\"props\":{\"location\":\"49.4032,8.6902\",\"title\":\"Tobias Thei\u00df \"}}]}]}]}]},{\"type\":\"section\",\"props\":{\"image_position\":\"center-center\",\"padding_bottom\":\"xsmall\",\"padding_top\":\"xsmall\",\"style\":\"default\",\"title_breakpoint\":\"xl\",\"title_position\":\"top-left\",\"title_rotation\":\"left\",\"vertical_align\":\"\",\"width\":\"default\"},\"children\":[{\"type\":\"row\",\"children\":[{\"type\":\"column\",\"props\":{\"image_position\":\"center-center\",\"position_sticky_breakpoint\":\"m\"}}]}]},{\"type\":\"section\",\"props\":{\"image_position\":\"center-center\",\"padding_bottom\":\"small\",\"padding_top\":\"small\",\"style\":\"default\",\"title_breakpoint\":\"xl\",\"title_position\":\"top-left\",\"title_rotation\":\"left\",\"vertical_align\":\"\",\"width\":\"small\"},\"children\":[{\"type\":\"row\",\"props\":{\"column_gap\":\"large\",\"divider\":false,\"layout\":\"1-2,1-2\",\"width\":\"small\"},\"children\":[{\"type\":\"column\",\"props\":{\"image_position\":\"center-center\",\"position_sticky_breakpoint\":\"m\",\"width_medium\":\"1-2\"},\"children\":[{\"type\":\"headline\",\"props\":{\"content\":\"FAST &amp; CONVENIENT\",\"image_align\":\"left\",\"image_margin\":\"xsmall\",\"margin_bottom\":\"default\",\"margin_top\":\"default\",\"title_color\":\"success\",\"title_decoration\":\"divider\",\"title_element\":\"h1\",\"title_style\":\"h4\"}},{\"type\":\"text\",\"props\":{\"column_breakpoint\":\"m\",\"content\":\"\n\n<p>You can reach me directly via the contact form. If you value the security and discretion of your request, you can call me or send me an e-mail. We work with the latest encryption and are up to date on the subject of data protection.<\/p>\n\n\",\"margin_bottom\":\"default\",\"margin_top\":\"default\"}}]},{\"type\":\"column\",\"props\":{\"image_position\":\"center-center\",\"position_sticky_breakpoint\":\"m\",\"width_medium\":\"1-2\"},\"children\":[{\"type\":\"headline\",\"props\":{\"content\":\"personal &amp; secure\",\"image_align\":\"left\",\"image_margin\":\"xsmall\",\"margin_bottom\":\"default\",\"margin_top\":\"default\",\"title_color\":\"success\",\"title_decoration\":\"divider\",\"title_element\":\"h1\",\"title_style\":\"h4\"}},{\"type\":\"list\",\"props\":{\"column_breakpoint\":\"m\",\"image_align\":\"left\",\"image_svg_color\":\"emphasis\",\"image_vertical_align\":true,\"list_element\":\"ul\",\"list_horizontal_separator\":\", \",\"list_type\":\"vertical\",\"show_image\":true,\"show_link\":true},\"children\":[{\"type\":\"list_item\",\"props\":{\"content\":\"\n\n<p><span>Tobias Thei\u00df<\/span><\/p>\n\n\",\"icon\":\"user\"}},{\"type\":\"list_item\",\"props\":{\"content\":\"\n\n<p><a href=\\\"tel:06221 67 33 614\\\" title=\\\"Call Tobias Thei\u00df\\\">+496221 67 33 614<\/a><\/p>\n\n\",\"icon\":\"receiver\"}},{\"type\":\"list_item\",\"props\":{\"content\":\"\n\n<p><a href=\\\"tel:06221 67 33 752\\\" title=\\\"Fax Tobias Thei\u00df\\\">+496221 67 33 752<\/a><\/p>\n\n\",\"icon\":\"print\"}},{\"type\":\"list_item\",\"props\":{\"content\":\"\n\n<p><a href=\\\"mailto:info@heidelberg-arbeitsrecht.com\\\">info@heidelberg-arbeitsrecht.com<\/a><\/p>\n\n\",\"icon\":\"mail\"}},{\"type\":\"list_item\",\"props\":{\"content\":\"\n\n<p><span>Kaiserstra\u00dfe 11a, 69115 Heidelberg<\/span><\/p>\n\n\",\"icon\":\"location\"}}]}]}]},{\"type\":\"row\",\"props\":{\"layout\":\"1-2,1-2\",\"margin_top\":\"remove\",\"status\":\"disabled\"},\"children\":[{\"type\":\"column\",\"props\":{\"image_position\":\"center-center\",\"position_sticky_breakpoint\":\"m\",\"width_medium\":\"1-2\"},\"children\":[{\"type\":\"html\",\"props\":{\"content\":\"[wpforms id=\\\"211\\\"]\"}},{\"type\":\"text\",\"props\":{\"column_breakpoint\":\"m\",\"content\":\"\n\n<p>By submitting the contact form, you agree to your data being used to process your request (for further information and revocation instructions, please refer to the privacy policy).<\/p>\n\n\",\"margin_bottom\":\"default\",\"margin_top\":\"default\"}}]},{\"type\":\"column\",\"props\":{\"image_position\":\"center-center\",\"position_sticky_breakpoint\":\"m\",\"width_medium\":\"1-2\"}}]}],\"name\":\"Inhalt\"}],\"version\":\"5.0.7\"} --><\/p>\n","protected":false},"excerpt":{"rendered":"<p>49.4032,8.6902 Tobias Thei\u00df FAST &amp; CONVENIENT You can reach me directly via the contact form. If you value the security and discretion of your request, you can call me or send me an e-mail. We work with the latest encryption and are up to date on the subject of data protection. personal &amp; secure Tobias [&hellip;]<\/p>\n","protected":false},"author":1,"featured_media":0,"parent":0,"menu_order":0,"comment_status":"closed","ping_status":"closed","template":"","meta":{"_acf_changed":false,"footnotes":""},"class_list":["post-663","page","type-page","status-publish","hentry"],"acf":[],"yoast_head":"<!-- This site is optimized with the Yoast SEO plugin v27.5 - https:\/\/yoast.com\/product\/yoast-seo-wordpress\/ -->\n<title>Contact - Tobias Thei\u00df - Fachanwalt f\u00fcr Arbeitsrecht<\/title>\n<meta name=\"robots\" content=\"index, follow, max-snippet:-1, max-image-preview:large, max-video-preview:-1\" \/>\n<link rel=\"canonical\" href=\"https:\/\/www.heidelberg-arbeitsrecht.com\/kontakt\/\" \/>\n<meta property=\"og:locale\" content=\"en_US\" \/>\n<meta property=\"og:type\" content=\"article\" \/>\n<meta property=\"og:title\" content=\"Contact - Tobias Thei\u00df - Fachanwalt f\u00fcr Arbeitsrecht\" \/>\n<meta property=\"og:description\" content=\"49.4032,8.6902 Tobias Thei\u00df FAST &amp; CONVENIENT You can reach me directly via the contact form. If you value the security and discretion of your request, you can call me or send me an e-mail. We work with the latest encryption and are up to date on the subject of data protection. personal &amp; secure Tobias [&hellip;]\" \/>\n<meta property=\"og:url\" content=\"https:\/\/www.heidelberg-arbeitsrecht.com\/kontakt\/\" \/>\n<meta property=\"og:site_name\" content=\"Tobias Thei\u00df - Fachanwalt f\u00fcr Arbeitsrecht\" \/>\n<meta property=\"article:modified_time\" content=\"2026-02-03T16:01:02+00:00\" \/>\n<meta name=\"twitter:card\" content=\"summary_large_image\" \/>\n<script type=\"application\/ld+json\" class=\"yoast-schema-graph\">{\"@context\":\"https:\\\/\\\/schema.org\",\"@graph\":[{\"@type\":\"WebPage\",\"@id\":\"https:\\\/\\\/www.heidelberg-arbeitsrecht.com\\\/kontakt\\\/\",\"url\":\"https:\\\/\\\/www.heidelberg-arbeitsrecht.com\\\/kontakt\\\/\",\"name\":\"Contact - Tobias Thei\u00df - Fachanwalt f\u00fcr Arbeitsrecht\",\"isPartOf\":{\"@id\":\"https:\\\/\\\/www.heidelberg-arbeitsrecht.com\\\/#website\"},\"datePublished\":\"2022-10-24T10:35:44+00:00\",\"dateModified\":\"2026-02-03T16:01:02+00:00\",\"breadcrumb\":{\"@id\":\"https:\\\/\\\/www.heidelberg-arbeitsrecht.com\\\/kontakt\\\/#breadcrumb\"},\"inLanguage\":\"en-US\",\"potentialAction\":[{\"@type\":\"ReadAction\",\"target\":[\"https:\\\/\\\/www.heidelberg-arbeitsrecht.com\\\/kontakt\\\/\"]}]},{\"@type\":\"BreadcrumbList\",\"@id\":\"https:\\\/\\\/www.heidelberg-arbeitsrecht.com\\\/kontakt\\\/#breadcrumb\",\"itemListElement\":[{\"@type\":\"ListItem\",\"position\":1,\"name\":\"Startseite\",\"item\":\"https:\\\/\\\/www.heidelberg-arbeitsrecht.com\\\/en\\\/\"},{\"@type\":\"ListItem\",\"position\":2,\"name\":\"Contact\"}]},{\"@type\":\"WebSite\",\"@id\":\"https:\\\/\\\/www.heidelberg-arbeitsrecht.com\\\/#website\",\"url\":\"https:\\\/\\\/www.heidelberg-arbeitsrecht.com\\\/\",\"name\":\"Tobias Thei\u00df - Fachanwalt f\u00fcr Arbeitsrecht\",\"description\":\"Tobias Thei\u00df Fachanwalt f\u00fcr Arbeitsrecht, K\u00fcndigungsschutz und Konfliktl\u00f6sung\",\"potentialAction\":[{\"@type\":\"SearchAction\",\"target\":{\"@type\":\"EntryPoint\",\"urlTemplate\":\"https:\\\/\\\/www.heidelberg-arbeitsrecht.com\\\/?s={search_term_string}\"},\"query-input\":{\"@type\":\"PropertyValueSpecification\",\"valueRequired\":true,\"valueName\":\"search_term_string\"}}],\"inLanguage\":\"en-US\"}]}<\/script>\n<!-- \/ Yoast SEO plugin. -->","yoast_head_json":{"title":"Contact - Tobias Thei\u00df - Fachanwalt f\u00fcr Arbeitsrecht","robots":{"index":"index","follow":"follow","max-snippet":"max-snippet:-1","max-image-preview":"max-image-preview:large","max-video-preview":"max-video-preview:-1"},"canonical":"https:\/\/www.heidelberg-arbeitsrecht.com\/kontakt\/","og_locale":"en_US","og_type":"article","og_title":"Contact - Tobias Thei\u00df - Fachanwalt f\u00fcr Arbeitsrecht","og_description":"49.4032,8.6902 Tobias Thei\u00df FAST &amp; CONVENIENT You can reach me directly via the contact form. If you value the security and discretion of your request, you can call me or send me an e-mail. We work with the latest encryption and are up to date on the subject of data protection. personal &amp; secure Tobias [&hellip;]","og_url":"https:\/\/www.heidelberg-arbeitsrecht.com\/kontakt\/","og_site_name":"Tobias Thei\u00df - Fachanwalt f\u00fcr Arbeitsrecht","article_modified_time":"2026-02-03T16:01:02+00:00","twitter_card":"summary_large_image","schema":{"@context":"https:\/\/schema.org","@graph":[{"@type":"WebPage","@id":"https:\/\/www.heidelberg-arbeitsrecht.com\/kontakt\/","url":"https:\/\/www.heidelberg-arbeitsrecht.com\/kontakt\/","name":"Contact - Tobias Thei\u00df - Fachanwalt f\u00fcr Arbeitsrecht","isPartOf":{"@id":"https:\/\/www.heidelberg-arbeitsrecht.com\/#website"},"datePublished":"2022-10-24T10:35:44+00:00","dateModified":"2026-02-03T16:01:02+00:00","breadcrumb":{"@id":"https:\/\/www.heidelberg-arbeitsrecht.com\/kontakt\/#breadcrumb"},"inLanguage":"en-US","potentialAction":[{"@type":"ReadAction","target":["https:\/\/www.heidelberg-arbeitsrecht.com\/kontakt\/"]}]},{"@type":"BreadcrumbList","@id":"https:\/\/www.heidelberg-arbeitsrecht.com\/kontakt\/#breadcrumb","itemListElement":[{"@type":"ListItem","position":1,"name":"Startseite","item":"https:\/\/www.heidelberg-arbeitsrecht.com\/en\/"},{"@type":"ListItem","position":2,"name":"Contact"}]},{"@type":"WebSite","@id":"https:\/\/www.heidelberg-arbeitsrecht.com\/#website","url":"https:\/\/www.heidelberg-arbeitsrecht.com\/","name":"Tobias Thei\u00df - Fachanwalt f\u00fcr Arbeitsrecht","description":"Tobias Thei\u00df Fachanwalt f\u00fcr Arbeitsrecht, K\u00fcndigungsschutz und Konfliktl\u00f6sung","potentialAction":[{"@type":"SearchAction","target":{"@type":"EntryPoint","urlTemplate":"https:\/\/www.heidelberg-arbeitsrecht.com\/?s={search_term_string}"},"query-input":{"@type":"PropertyValueSpecification","valueRequired":true,"valueName":"search_term_string"}}],"inLanguage":"en-US"}]}},"_links":{"self":[{"href":"https:\/\/www.heidelberg-arbeitsrecht.com\/en\/wp-json\/wp\/v2\/pages\/663","targetHints":{"allow":["GET"]}}],"collection":[{"href":"https:\/\/www.heidelberg-arbeitsrecht.com\/en\/wp-json\/wp\/v2\/pages"}],"about":[{"href":"https:\/\/www.heidelberg-arbeitsrecht.com\/en\/wp-json\/wp\/v2\/types\/page"}],"author":[{"embeddable":true,"href":"https:\/\/www.heidelberg-arbeitsrecht.com\/en\/wp-json\/wp\/v2\/users\/1"}],"replies":[{"embeddable":true,"href":"https:\/\/www.heidelberg-arbeitsrecht.com\/en\/wp-json\/wp\/v2\/comments?post=663"}],"version-history":[{"count":5,"href":"https:\/\/www.heidelberg-arbeitsrecht.com\/en\/wp-json\/wp\/v2\/pages\/663\/revisions"}],"predecessor-version":[{"id":1761,"href":"https:\/\/www.heidelberg-arbeitsrecht.com\/en\/wp-json\/wp\/v2\/pages\/663\/revisions\/1761"}],"wp:attachment":[{"href":"https:\/\/www.heidelberg-arbeitsrecht.com\/en\/wp-json\/wp\/v2\/media?parent=663"}],"curies":[{"name":"wp","href":"https:\/\/api.w.org\/{rel}","templated":true}]}}